{"id":2498,"date":"2025-01-20T20:28:23","date_gmt":"2025-01-20T20:28:23","guid":{"rendered":"https:\/\/pilarzuritacl.wordpress.com\/?page_id=2498"},"modified":"2025-02-17T15:50:00","modified_gmt":"2025-02-17T15:50:00","slug":"inicio","status":"publish","type":"page","link":"https:\/\/pilarzurita.cl\/","title":{"rendered":"Inicio"},"content":{"rendered":"\n<h2 class=\"wp-block-heading has-text-align-center has-vivid-purple-color has-text-color has-link-color has-large-font-size wp-elements-b22ceb0dd6a421dff452900cc28d30ff\"><mark style=\"background-color:rgba(0, 0, 0, 0)\" class=\"has-inline-color has-primary-color\">Haz del BIENESTAR una misi\u00f3n y una estrategia en tu Organizaci\u00f3n y en tu vida<\/mark><\/h2>\n\n\n\n<figure class=\"wp-block-image alignwide size-large\"><img decoding=\"async\" src=\"https:\/\/pilarzurita.cl\/wp-content\/uploads\/2020\/03\/carla-y-pilar-65-1.jpg?w=750\" alt=\"\" class=\"wp-image-2236\"\/><\/figure>\n\n\n\n<div style=\"height:32px\" aria-hidden=\"true\" class=\"wp-block-spacer\"><\/div>\n\n\n\n<p class=\"has-text-align-center has-large-font-size\"><strong><mark style=\"background-color:rgba(0, 0, 0, 0)\" class=\"has-inline-color has-primary-color\">En estos temas te puedo apoyar<\/mark><\/strong><br><\/p>\n\n\n\n<div class=\"wp-block-columns alignwide are-vertically-aligned-center is-layout-flex wp-container-core-columns-is-layout-1 wp-block-columns-is-layout-flex\">\n<div class=\"wp-block-column is-vertically-aligned-center is-layout-flow wp-block-column-is-layout-flow\">\n<h2 class=\"wp-block-heading\">Asesor\u00eda y Consultor\u00eda Organizacional con foco en el Bienestar<\/h2>\n\n\n\n<p>Los espacios de encuentro significativos donde generar aprendizajes, son esenciales en una cultura organizacional positiva y saludable.<\/p>\n\n\n\n<p>Genero intervenciones a la medida de tus necesidades en tem\u00e1ticas de desarrollo organizacional.<\/p>\n\n\n\n<div class=\"wp-block-buttons is-layout-flex wp-block-buttons-is-layout-flex\">\n<div class=\"wp-block-button\"><a class=\"wp-block-button__link wp-element-button\" href=\"https:\/\/pilarzuritacl.wordpress.com\/wp-admin\/post.php?post=951&amp;action=edit\">Ver intervenciones realizadas<\/a><\/div>\n<\/div>\n<\/div>\n\n\n\n<div class=\"wp-block-column is-vertically-aligned-center is-layout-flow wp-block-column-is-layout-flow\">\n<figure class=\"wp-block-image size-large\"><img loading=\"lazy\" decoding=\"async\" width=\"1125\" height=\"960\" src=\"https:\/\/pilarzuritacl.wordpress.com\/wp-content\/uploads\/2019\/04\/img_0812.jpg?w=750\" alt=\"\" class=\"wp-image-109\" srcset=\"https:\/\/pilarzurita.cl\/wp-content\/uploads\/2019\/04\/img_0812.jpg 1125w, https:\/\/pilarzurita.cl\/wp-content\/uploads\/2019\/04\/img_0812-300x256.jpg 300w, https:\/\/pilarzurita.cl\/wp-content\/uploads\/2019\/04\/img_0812-1024x874.jpg 1024w, https:\/\/pilarzurita.cl\/wp-content\/uploads\/2019\/04\/img_0812-768x655.jpg 768w\" sizes=\"auto, (max-width: 1125px) 100vw, 1125px\" \/><\/figure>\n<\/div>\n<\/div>\n\n\n\n<div class=\"wp-block-group alignwide\"><div class=\"wp-block-group__inner-container is-layout-constrained wp-block-group-is-layout-constrained\">\n<div class=\"wp-block-columns alignwide is-layout-flex wp-container-core-columns-is-layout-2 wp-block-columns-is-layout-flex\">\n<div class=\"wp-block-column is-layout-flow wp-block-column-is-layout-flow\">\n<h2 class=\"wp-block-heading\"><strong>Psicolog\u00eda de la Emergencia<\/strong><\/h2>\n\n\n\n<p>En contextos de emergencia o crisis, las personas se ven normalmente afectadas por la experiencia. Es por ello que intervenir a tiempo, y apoyar para la restauraci\u00f3n de la normalidad es esencial, de modo que las personas puedan avanzar hacia retomar su vida y reducir con esto el riesgo de desarrollar alguna enfermedad de estr\u00e9s post traum\u00e1tico.<\/p>\n\n\n\n<p>Puedo apoyar a tu organizaci\u00f3n desde la prevenci\u00f3n, realizando formaci\u00f3n a los colaboradores y creando protocolos de acci\u00f3n institucionales, adem\u00e1s de la entrega directa de Primeros Auxilios Psicol\u00f3gicos, apoyar procesos de recuperaci\u00f3n y abordar situaciones de trauma espec\u00edfico.<\/p>\n\n\n\n<div class=\"wp-block-buttons is-layout-flex wp-block-buttons-is-layout-flex\">\n<div class=\"wp-block-button\"><a class=\"wp-block-button__link wp-element-button\" href=\"https:\/\/pilarzuritacl.wordpress.com\/wp-admin\/post.php?post=991&amp;action=edit&amp;calypsoify=1\">Ver intervenciones realizadas<\/a><\/div>\n<\/div>\n<\/div>\n\n\n\n<div class=\"wp-block-column is-layout-flow wp-block-column-is-layout-flow\">\n<figure class=\"wp-block-gallery has-nested-images columns-default is-cropped wp-block-gallery-1 is-layout-flex wp-block-gallery-is-layout-flex\">\n<figure class=\"wp-block-image size-large\"><img loading=\"lazy\" decoding=\"async\" width=\"1600\" height=\"1190\" src=\"https:\/\/pilarzurita.cl\/wp-content\/uploads\/2025\/01\/da8337b8-f2e5-4fc3-b671-aefc8b020076.jpg?w=1024\" alt=\"\" class=\"wp-image-2360\" srcset=\"https:\/\/pilarzurita.cl\/wp-content\/uploads\/2025\/01\/da8337b8-f2e5-4fc3-b671-aefc8b020076.jpg 1600w, https:\/\/pilarzurita.cl\/wp-content\/uploads\/2025\/01\/da8337b8-f2e5-4fc3-b671-aefc8b020076-300x223.jpg 300w, https:\/\/pilarzurita.cl\/wp-content\/uploads\/2025\/01\/da8337b8-f2e5-4fc3-b671-aefc8b020076-1024x762.jpg 1024w, https:\/\/pilarzurita.cl\/wp-content\/uploads\/2025\/01\/da8337b8-f2e5-4fc3-b671-aefc8b020076-768x571.jpg 768w, https:\/\/pilarzurita.cl\/wp-content\/uploads\/2025\/01\/da8337b8-f2e5-4fc3-b671-aefc8b020076-1536x1142.jpg 1536w\" sizes=\"auto, (max-width: 1600px) 100vw, 1600px\" \/><\/figure>\n<\/figure>\n<\/div>\n<\/div>\n<\/div><\/div>\n\n\n\n<h2 class=\"wp-block-heading alignwide\"><strong>Charlas<\/strong><\/h2>\n\n\n\n<div class=\"wp-block-group alignwide\"><div class=\"wp-block-group__inner-container is-layout-constrained wp-block-group-is-layout-constrained\">\n<div class=\"wp-block-columns alignwide are-vertically-aligned-top is-layout-flex wp-container-core-columns-is-layout-3 wp-block-columns-is-layout-flex\">\n<div class=\"wp-block-column is-vertically-aligned-top is-layout-flow wp-block-column-is-layout-flow\">\n<figure class=\"wp-block-gallery has-nested-images columns-default is-cropped wp-block-gallery-2 is-layout-flex wp-block-gallery-is-layout-flex\">\n<figure class=\"wp-block-image size-large\"><img decoding=\"async\" src=\"https:\/\/pilarzurita.cl\/wp-content\/uploads\/2025\/01\/img_4690.jpg?w=1024\" alt=\"\" class=\"wp-image-2459\"\/><\/figure>\n<\/figure>\n<\/div>\n\n\n\n<div class=\"wp-block-column is-vertically-aligned-top is-layout-flow wp-block-column-is-layout-flow\">\n<p>Cuando necesitamos comunicar un tema a un grupo m\u00e1s amplio, las charlas son una excelente oportunidad.<\/p>\n\n\n\n<p>Disfruta de una charla entretenida, din\u00e1mica y ajustada a las necesidades de tu organizaci\u00f3n.<\/p>\n\n\n\n<div class=\"wp-block-buttons is-layout-flex wp-block-buttons-is-layout-flex\">\n<div class=\"wp-block-button\"><a class=\"wp-block-button__link wp-element-button\" href=\"https:\/\/pilarzuritacl.wordpress.com\/charlas\/\">Ver intervenciones realizadas<\/a><\/div>\n<\/div>\n<\/div>\n<\/div>\n\n\n\n<div class=\"wp-block-columns is-layout-flex wp-container-core-columns-is-layout-5 wp-block-columns-is-layout-flex\">\n<div class=\"wp-block-column is-layout-flow wp-block-column-is-layout-flow\">\n<div class=\"wp-block-group alignwide\"><div class=\"wp-block-group__inner-container is-layout-constrained wp-block-group-is-layout-constrained\">\n<div class=\"wp-block-group\"><div class=\"wp-block-group__inner-container is-layout-constrained wp-block-group-is-layout-constrained\">\n<h2 class=\"wp-block-heading alignwide\"><strong>Psicoterapia individual de Adultos<\/strong><\/h2>\n\n\n\n<div class=\"wp-block-columns alignwide is-layout-constrained wp-block-columns-is-layout-constrained\">\n<div class=\"wp-block-column is-layout-flow wp-block-column-is-layout-flow\">\n<p>La Salud Mental sin duda cobra cada vez mayor importancia. Puedo apoyarte con sesiones individuales online especialmente enfocadas en desarrollo personal, crisis y trauma.<\/p>\n\n\n\n<div class=\"wp-block-buttons is-layout-flex wp-block-buttons-is-layout-flex\">\n<div class=\"wp-block-button\"><a class=\"wp-block-button__link wp-element-button\" href=\"https:\/\/calendly.com\/ps-pilarzurita\/60min\">Pide tu hora aqu\u00ed<\/a><\/div>\n<\/div>\n<\/div>\n\n\n\n<div class=\"wp-block-column is-layout-flow wp-block-column-is-layout-flow\">\n<figure class=\"wp-block-gallery has-nested-images columns-default is-cropped wp-block-gallery-3 is-layout-flex wp-block-gallery-is-layout-flex\">\n<figure class=\"wp-block-image size-large\"><img loading=\"lazy\" decoding=\"async\" width=\"1024\" height=\"768\" src=\"https:\/\/pilarzurita.cl\/wp-content\/uploads\/2025\/01\/una-mujer-no-medica-haciendo-psicoterapia-a-un-paciente-de-1.png?w=1024\" alt=\"\" class=\"wp-image-2372\" srcset=\"https:\/\/pilarzurita.cl\/wp-content\/uploads\/2025\/01\/una-mujer-no-medica-haciendo-psicoterapia-a-un-paciente-de-1.png 1024w, https:\/\/pilarzurita.cl\/wp-content\/uploads\/2025\/01\/una-mujer-no-medica-haciendo-psicoterapia-a-un-paciente-de-1-300x225.png 300w, https:\/\/pilarzurita.cl\/wp-content\/uploads\/2025\/01\/una-mujer-no-medica-haciendo-psicoterapia-a-un-paciente-de-1-768x576.png 768w\" sizes=\"auto, (max-width: 1024px) 100vw, 1024px\" \/><\/figure>\n<\/figure>\n<\/div>\n<\/div>\n<\/div><\/div>\n<\/div><\/div>\n<\/div>\n<\/div>\n<\/div><\/div>\n\n\n\n<div class=\"wp-block-cover alignwide is-light\"><span aria-hidden=\"true\" class=\"wp-block-cover__background has-background-dim-40 has-background-dim\" style=\"background-color:#877162\"><\/span><img decoding=\"async\" class=\"wp-block-cover__image-background wp-image-2542\" alt=\"\" src=\"https:\/\/pilarzurita.cl\/wp-content\/uploads\/2025\/01\/inacap-la-2.jpg?w=1024\" data-object-fit=\"cover\"\/><div class=\"wp-block-cover__inner-container is-layout-flow wp-block-cover-is-layout-flow\">\n<p class=\"has-text-align-center has-white-color has-text-color has-link-color has-huge-font-size wp-elements-41d300b001e1354c085fd765354fbc8f\"><br><br><strong><mark style=\"background-color:rgba(0, 0, 0, 0)\" class=\"has-inline-color has-white-color\">Han Confiado en mi trabajo<\/mark><\/strong><\/p>\n<\/div><\/div>\n\n\n\n<div style=\"height:22px\" aria-hidden=\"true\" class=\"wp-block-spacer\"><\/div>\n\n\n\n<figure class=\"wp-block-image alignwide size-large\"><img decoding=\"async\" src=\"https:\/\/pilarzuritacl.wordpress.com\/wp-content\/uploads\/2025\/01\/clientes-2024.jpg?w=1024\" alt=\"\" class=\"wp-image-2618\"\/><\/figure>\n\n\n\n<div class=\"wp-block-group alignwide\"><div class=\"wp-block-group__inner-container is-layout-constrained wp-block-group-is-layout-constrained\">\n<div class=\"wp-block-columns are-vertically-aligned-bottom is-layout-flex wp-container-core-columns-is-layout-6 wp-block-columns-is-layout-flex\">\n<div class=\"wp-block-column is-vertically-aligned-bottom is-layout-flow wp-block-column-is-layout-flow\">\n<h2 class=\"wp-block-heading alignfull has-text-align-center\"><mark style=\"background-color:rgba(0, 0, 0, 0)\" class=\"has-inline-color has-primary-color\">Reconocimientos<\/mark><\/h2>\n\n\n\n<p class=\"has-text-align-center\">He tenido el honor de recibir algunos reconocimientos por la labor realizada, lo cual no s\u00f3lo es un reflejo de mi esfuerzo y dedicaci\u00f3n, sino tambi\u00e9n un est\u00edmulo para seguir aprendiendo y creciendo profesionalmente.<\/p>\n<\/div>\n<\/div>\n<\/div><\/div>\n\n\n\n<figure class=\"wp-block-gallery has-nested-images columns-default is-cropped wp-block-gallery-4 is-layout-flex wp-block-gallery-is-layout-flex\">\n<figure class=\"wp-block-image size-large\"><img loading=\"lazy\" decoding=\"async\" width=\"361\" height=\"573\" data-id=\"1411\" src=\"https:\/\/pilarzurita.cl\/wp-content\/uploads\/2020\/02\/3aead-d92532_5a8ad493d9de43528fd0bfb6c4600924mv2.jpg?w=361\" alt=\"\" class=\"wp-image-1411\" srcset=\"https:\/\/pilarzurita.cl\/wp-content\/uploads\/2020\/02\/3aead-d92532_5a8ad493d9de43528fd0bfb6c4600924mv2.jpg 361w, https:\/\/pilarzurita.cl\/wp-content\/uploads\/2020\/02\/3aead-d92532_5a8ad493d9de43528fd0bfb6c4600924mv2-189x300.jpg 189w\" sizes=\"auto, (max-width: 361px) 100vw, 361px\" \/><figcaption class=\"wp-element-caption\">Premio Acci\u00f3nJoven 2013 (Actual Premio Impacto Social)<\/figcaption><\/figure>\n\n\n\n<figure class=\"wp-block-image size-large\"><img loading=\"lazy\" decoding=\"async\" width=\"724\" height=\"1024\" data-id=\"270\" src=\"https:\/\/pilarzurita.cl\/wp-content\/uploads\/2020\/03\/Untitled-design-724x1024.png\" alt=\"\" class=\"wp-image-270\" srcset=\"https:\/\/pilarzurita.cl\/wp-content\/uploads\/2020\/03\/Untitled-design-724x1024.png 724w, https:\/\/pilarzurita.cl\/wp-content\/uploads\/2020\/03\/Untitled-design-212x300.png 212w, https:\/\/pilarzurita.cl\/wp-content\/uploads\/2020\/03\/Untitled-design-768x1086.png 768w, https:\/\/pilarzurita.cl\/wp-content\/uploads\/2020\/03\/Untitled-design-1086x1536.png 1086w, https:\/\/pilarzurita.cl\/wp-content\/uploads\/2020\/03\/Untitled-design.png 1414w\" sizes=\"auto, (max-width: 724px) 100vw, 724px\" \/><figcaption class=\"wp-element-caption\">100 L\u00edderes J\u00f3venes 2013<\/figcaption><\/figure>\n\n\n\n<figure class=\"wp-block-image size-large\"><img loading=\"lazy\" decoding=\"async\" width=\"600\" height=\"401\" data-id=\"1301\" src=\"https:\/\/pilarzurita.cl\/wp-content\/uploads\/2020\/02\/bf031-d92532_2bba3331da9e4d52914c3074ff3781demv2.jpg?w=600\" alt=\"\" class=\"wp-image-1301\" srcset=\"https:\/\/pilarzurita.cl\/wp-content\/uploads\/2020\/02\/bf031-d92532_2bba3331da9e4d52914c3074ff3781demv2.jpg 600w, https:\/\/pilarzurita.cl\/wp-content\/uploads\/2020\/02\/bf031-d92532_2bba3331da9e4d52914c3074ff3781demv2-300x201.jpg 300w\" sizes=\"auto, (max-width: 600px) 100vw, 600px\" \/><figcaption class=\"wp-element-caption\">Proveedor de Excelencia 2017 BancoEstado Microempresas<\/figcaption><\/figure>\n<\/figure>\n\n\n\n<div class=\"wp-block-group alignfull has-background-light-background-color has-background\"><div class=\"wp-block-group__inner-container is-layout-flow wp-block-group-is-layout-flow\">\n<div style=\"height:32px\" aria-hidden=\"true\" class=\"wp-block-spacer\"><\/div>\n<\/div><\/div>\n\n\n\n<div class=\"wp-block-group alignfull has-foreground-dark-background-color has-background\"><div class=\"wp-block-group__inner-container is-layout-flow wp-block-group-is-layout-flow\">\n<div class=\"wp-block-buttons alignfull is-content-justification-center is-layout-flex wp-container-core-buttons-is-layout-5 wp-block-buttons-is-layout-flex\">\n<div class=\"wp-block-button\"><a class=\"wp-block-button__link wp-element-button\" href=\"https:\/\/pilarzuritacl.wordpress.com\/wp-admin\/post.php?post=2624&amp;action=edit\">Cont\u00e1ctame<\/a><\/div>\n<\/div>\n<\/div><\/div>\n\n\n\n<p><\/p>\n","protected":false},"excerpt":{"rendered":"<p>Haz del BIENESTAR una misi\u00f3n y una estrategia en tu Organizaci\u00f3n y en tu vida En estos temas te puedo apoyar Asesor\u00eda y Consultor\u00eda Organizacional con foco en el Bienestar Los espacios de encuentro significativos donde generar aprendizajes, son esenciales en una cultura organizacional positiva y saludable. Genero intervenciones a la medida de tus necesidades [&hellip;]<\/p>\n","protected":false},"author":1,"featured_media":0,"parent":0,"menu_order":0,"comment_status":"closed","ping_status":"closed","template":"","meta":{"footnotes":""},"class_list":["post-2498","page","type-page","status-publish","hentry"],"yoast_head":"<!-- This site is optimized with the Yoast SEO plugin v14.0.4 - https:\/\/yoast.com\/wordpress\/plugins\/seo\/ -->\n<title>Inicio - Pilar Zurita<\/title>\n<meta name=\"robots\" content=\"index, follow\" \/>\n<meta name=\"googlebot\" content=\"index, follow, max-snippet:-1, max-image-preview:large, max-video-preview:-1\" \/>\n<meta name=\"bingbot\" content=\"index, follow, max-snippet:-1, max-image-preview:large, max-video-preview:-1\" \/>\n<link rel=\"canonical\" href=\"https:\/\/pilarzurita.cl\/\" \/>\n<meta property=\"og:locale\" content=\"es_ES\" \/>\n<meta property=\"og:type\" content=\"article\" \/>\n<meta property=\"og:title\" content=\"Inicio - Pilar Zurita\" \/>\n<meta property=\"og:description\" content=\"Haz del BIENESTAR una misi\u00f3n y una estrategia en tu Organizaci\u00f3n y en tu vida En estos temas te puedo apoyar Asesor\u00eda y Consultor\u00eda Organizacional con foco en el Bienestar Los espacios de encuentro significativos donde generar aprendizajes, son esenciales en una cultura organizacional positiva y saludable. Genero intervenciones a la medida de tus necesidades [&hellip;]\" \/>\n<meta property=\"og:url\" content=\"https:\/\/pilarzurita.cl\/\" \/>\n<meta property=\"og:site_name\" content=\"Pilar Zurita\" \/>\n<meta property=\"article:modified_time\" content=\"2025-02-17T15:50:00+00:00\" \/>\n<meta property=\"og:image\" content=\"https:\/\/pilarzurita.cl\/wp-content\/uploads\/2020\/03\/carla-y-pilar-65-1.jpg?w=750\" \/>\n<meta name=\"twitter:card\" content=\"summary_large_image\" \/>\n<script type=\"application\/ld+json\" class=\"yoast-schema-graph\">{\"@context\":\"https:\/\/schema.org\",\"@graph\":[{\"@type\":\"WebSite\",\"@id\":\"https:\/\/pilarzurita.cl\/#website\",\"url\":\"https:\/\/pilarzurita.cl\/\",\"name\":\"Pilar Zurita\",\"description\":\"Asesor\\u00eda y Consultor\\u00eda en Bienestar\",\"potentialAction\":[{\"@type\":\"SearchAction\",\"target\":\"https:\/\/pilarzurita.cl\/?s={search_term_string}\",\"query-input\":\"required name=search_term_string\"}],\"inLanguage\":\"es\"},{\"@type\":\"ImageObject\",\"@id\":\"https:\/\/pilarzurita.cl\/#primaryimage\",\"inLanguage\":\"es\",\"url\":\"https:\/\/pilarzurita.cl\/wp-content\/uploads\/2020\/03\/carla-y-pilar-65-1.jpg?w=750\"},{\"@type\":\"WebPage\",\"@id\":\"https:\/\/pilarzurita.cl\/#webpage\",\"url\":\"https:\/\/pilarzurita.cl\/\",\"name\":\"Inicio - Pilar Zurita\",\"isPartOf\":{\"@id\":\"https:\/\/pilarzurita.cl\/#website\"},\"primaryImageOfPage\":{\"@id\":\"https:\/\/pilarzurita.cl\/#primaryimage\"},\"datePublished\":\"2025-01-20T20:28:23+00:00\",\"dateModified\":\"2025-02-17T15:50:00+00:00\",\"inLanguage\":\"es\",\"potentialAction\":[{\"@type\":\"ReadAction\",\"target\":[\"https:\/\/pilarzurita.cl\/\"]}]}]}<\/script>\n<!-- \/ Yoast SEO plugin. -->","_links":{"self":[{"href":"https:\/\/pilarzurita.cl\/index.php?rest_route=\/wp\/v2\/pages\/2498","targetHints":{"allow":["GET"]}}],"collection":[{"href":"https:\/\/pilarzurita.cl\/index.php?rest_route=\/wp\/v2\/pages"}],"about":[{"href":"https:\/\/pilarzurita.cl\/index.php?rest_route=\/wp\/v2\/types\/page"}],"author":[{"embeddable":true,"href":"https:\/\/pilarzurita.cl\/index.php?rest_route=\/wp\/v2\/users\/1"}],"replies":[{"embeddable":true,"href":"https:\/\/pilarzurita.cl\/index.php?rest_route=%2Fwp%2Fv2%2Fcomments&post=2498"}],"version-history":[{"count":7,"href":"https:\/\/pilarzurita.cl\/index.php?rest_route=\/wp\/v2\/pages\/2498\/revisions"}],"predecessor-version":[{"id":2672,"href":"https:\/\/pilarzurita.cl\/index.php?rest_route=\/wp\/v2\/pages\/2498\/revisions\/2672"}],"wp:attachment":[{"href":"https:\/\/pilarzurita.cl\/index.php?rest_route=%2Fwp%2Fv2%2Fmedia&parent=2498"}],"curies":[{"name":"wp","href":"https:\/\/api.w.org\/{rel}","templated":true}]}}